{"id":1016,"date":"2021-01-20T12:52:25","date_gmt":"2021-01-20T15:52:25","guid":{"rendered":"http:\/\/nucleoflordavida.com.br\/site\/?page_id=1016"},"modified":"2021-02-05T10:02:43","modified_gmt":"2021-02-05T13:02:43","slug":"meditacao","status":"publish","type":"page","link":"https:\/\/nucleoflordavida.com.br\/site\/meditacao\/","title":{"rendered":"Medita\u00e7\u00e3o"},"content":{"rendered":"\n\n  <div class=\"banner has-hover\" id=\"banner-1140705206\">\n          <div class=\"banner-inner fill\">\n        <div class=\"banner-bg fill\" >\n            <div class=\"bg fill bg-fill \"><\/div>\n                        <div class=\"overlay\"><\/div>            \n                    <\/div><!-- bg-layers -->\n        <div class=\"banner-layers container\">\n            <div class=\"fill banner-link\"><\/div>            \n\n\n        <\/div><!-- .banner-layers -->\n      <\/div><!-- .banner-inner -->\n\n            \n<style scope=\"scope\">\n\n#banner-1140705206 {\n  padding-top: 320px;\n  background-color: rgb(255, 255, 255);\n}\n#banner-1140705206 .bg.bg-loaded {\n  background-image: url(https:\/\/nucleoflordavida.com.br\/site\/wp-content\/uploads\/2021\/02\/bg-geral-azul.jpg);\n}\n#banner-1140705206 .overlay {\n  background-color: rgba(255, 255, 255, 0.06);\n}\n#banner-1140705206 .bg {\n  background-position: 50% 100%;\n}\n<\/style>\n  <\/div><!-- .banner -->\n\n\n<div class=\"row row-small\"  id=\"row-108140792\">\n\n<div class=\"col small-12 large-12\"  ><div class=\"col-inner\" style=\"background-color:rgb(255, 255, 255);padding:43px 0px 0px 0px;margin:-135px 0px 0px 0px;\" >\n\n<h1 style=\"text-align: center; font-weight: 300;\"><span style=\"font-size: 200%;\">Medita\u00e7\u00e3o<\/span><\/h1>\n<p><img loading=\"lazy\" decoding=\"async\" class=\"aligncenter wp-image-333\" src=\"http:\/\/nucleoflordavida.com.br\/site\/wp-content\/uploads\/2021\/02\/cor_dourado_elemento.png\" alt=\"\" width=\"126\" height=\"40\"><\/p>\n\n<\/div><\/div>\n\n\n<style scope=\"scope\">\n\n#row-108140792 > .col > .col-inner {\n  padding: 0px 0 0px 0px;\n}\n<\/style>\n<\/div>\n<div class=\"row\"  id=\"row-2142819169\">\n\n<div class=\"col small-12 large-12\"  ><div class=\"col-inner text-center\"  >\n\n<div class=\"row\"  id=\"row-11574787\">\n\n<div class=\"col medium-4 small-12 large-4\"  ><div class=\"col-inner\"  >\n\n\n<\/div><\/div>\n<div class=\"col medium-4 small-12 large-4\"  ><div class=\"col-inner\"  >\n\n\t<div class=\"img has-hover x md-x lg-x y md-y lg-y\" id=\"image_1396674470\">\n\t\t\t\t\t\t\t\t<div class=\"img-inner dark\" >\n\t\t\t<img loading=\"lazy\" decoding=\"async\" width=\"1020\" height=\"574\" src=\"https:\/\/nucleoflordavida.com.br\/site\/wp-content\/uploads\/2020\/11\/Meditac\u0327a\u0303o-Revista-Medicina-Integrativa-1400x788.jpg\" class=\"attachment-large size-large\" alt=\"\" srcset=\"https:\/\/nucleoflordavida.com.br\/site\/wp-content\/uploads\/2020\/11\/Meditac\u0327a\u0303o-Revista-Medicina-Integrativa-1400x788.jpg 1400w, https:\/\/nucleoflordavida.com.br\/site\/wp-content\/uploads\/2020\/11\/Meditac\u0327a\u0303o-Revista-Medicina-Integrativa-711x400.jpg 711w, https:\/\/nucleoflordavida.com.br\/site\/wp-content\/uploads\/2020\/11\/Meditac\u0327a\u0303o-Revista-Medicina-Integrativa-768x432.jpg 768w, https:\/\/nucleoflordavida.com.br\/site\/wp-content\/uploads\/2020\/11\/Meditac\u0327a\u0303o-Revista-Medicina-Integrativa-600x338.jpg 600w, https:\/\/nucleoflordavida.com.br\/site\/wp-content\/uploads\/2020\/11\/Meditac\u0327a\u0303o-Revista-Medicina-Integrativa.jpg 1600w\" sizes=\"auto, (max-width: 1020px) 100vw, 1020px\" \/>\t\t\t\t\t\t\n\t\t\t\t\t<\/div>\n\t\t\t\t\t\t\t\t\n<style scope=\"scope\">\n\n#image_1396674470 {\n  width: 100%;\n}\n<\/style>\n\t<\/div>\n\t\n\n\n<\/div><\/div>\n<div class=\"col medium-4 small-12 large-4\"  ><div class=\"col-inner\"  >\n\n\n<\/div><\/div>\n\n<\/div>\n<p style=\"color: #8b008b; text-align: center;\"><b>\u201c\u00c9 melhor conquistar a si mesmo do que vencer mil batalhas\u201d &#8211; Buda <\/b><\/p>\n<p style=\"text-align: justify;\"><span style=\"font-weight: 400;\">Meditar \u00e9 uma pr\u00e1tica que envolve o corpo e a mente, fazendo parte das mais importantes e antigas tradi\u00e7\u00f5es, religiosas e n\u00e3o religiosas. Geralmente para alcan\u00e7ar o estado Meditativo usa-se algumas t\u00e9cnicas, como posturas espec\u00edficas, relaxamento f\u00edsico e mental, aten\u00e7\u00e3o focada com uma atitude que atravessa as distra\u00e7\u00f5es e busca acalmar os ru\u00eddos internos. Pode-se praticar Medita\u00e7\u00e3o para v\u00e1rias finalidades como aumentar a serenidade e\u00a0<\/span><span style=\"font-weight: 400;\">relaxamento f\u00edsico, liberar o estresse, promover o equil\u00edbrio psicoemocional, fortalecer a mem\u00f3ria e aten\u00e7\u00e3o, para lidar com doen\u00e7as f\u00edsicas e mentais, diminuir a ansiedade, buscar inspira\u00e7\u00e3o em momentos desafiadores, ou essencialmente para alcan\u00e7ar tranquilidade e bem-estar.<\/span><\/p>\n<p style=\"text-align: justify;\"><span style=\"font-weight: 400;\">V\u00e1rias pesquisas j\u00e1 demonstraram, e \u00e9 amplamente sabido hoje, que as pessoas que praticam medita\u00e7\u00e3o, de forma di\u00e1ria, apresentam melhor desempenho intelectual, emocional e f\u00edsico, do\u00a0<\/span><span style=\"font-weight: 400;\">que as que n\u00e3o praticam. A pr\u00e1tica da medita\u00e7\u00e3o melhora a sa\u00fade f\u00edsica, diminui o cansa\u00e7o, melhora o sono, aumenta a mem\u00f3ria e capacidade de concentra\u00e7\u00e3o, amplia a criatividade, aumenta a imunidade, diminui o estresse, aumenta a vitalidade, equilibra o\u00a0<\/span><span style=\"font-weight: 400;\">humor, entre outros efeitos ben\u00e9ficos.<\/span><\/p>\n<p style=\"text-align: justify;\"><span style=\"font-weight: 400;\">O termo Medita\u00e7\u00e3o, refere-se a um grupo de t\u00e9cnicas, como entoa\u00e7\u00e3o de mantras, relaxamento, aten\u00e7\u00e3o plena ou mindfulness, respira\u00e7\u00e3o consciente, posturas corporais e atitudes mentais. A maioria das t\u00e9cnicas de medita\u00e7\u00e3o teve origem nas tradi\u00e7\u00f5es espirituais do Oriente e s\u00e3o praticadas h\u00e1 mil\u00eanios nestas culturas. Desde a d\u00e9cada de 60, estas pr\u00e1ticas come\u00e7aram a se disseminar de forma mais ampla no Ocidente e hoje j\u00e1 s\u00e3o adotadas em treinamentos empresariais, escolas e centros de Sa\u00fade, com comprovada efic\u00e1cia para melhoria do aprendizado, performance profissional e sa\u00fade.<\/span><\/p>\n<p style=\"text-align: center;\"><i><span style=\"font-weight: 400;\">\u201cNem teus piores inimigos podem causar tanto dano como teus pr\u00f3prios\u00a0<\/span><\/i><i><span style=\"font-weight: 400;\">pensamentos\u201d &#8211; Buda<\/span><\/i><\/p>\n<p style=\"text-align: justify;\"><span style=\"font-weight: 400;\">Na pr\u00e1tica meditativa a pessoa aprende a focar a aten\u00e7\u00e3o e a n\u00e3o seguir o turbilh\u00e3o incessante de pensamentos. Algumas formas de medita\u00e7\u00e3o instruem ao praticante tornar-se consciente dos pensamentos, sem aderir ao di\u00e1logo com eles, observar seus sentimentos e sensa\u00e7\u00f5es, sem julg\u00e1-los, com aceita\u00e7\u00e3o compassiva. Com a pr\u00e1tica constante, o praticante de Medita\u00e7\u00e3o vai mudando a maneira de lidar com o fluxo de pensamentos e emo\u00e7\u00f5es, n\u00e3o apenas no momento da medita\u00e7\u00e3o, mas ao longo do seu dia, podendo atingir um estado de grande calma, serenidade, relaxamento f\u00edsico, clareza de racioc\u00ednio, equil\u00edbrio ps\u00edquico e amplia\u00e7\u00e3o\u00a0<\/span><span style=\"font-weight: 400;\">da percep\u00e7\u00e3o.\u00a0<\/span><\/p>\n<p style=\"text-align: justify;\"><span style=\"font-weight: 400;\">A maioria das t\u00e9cnicas tem alguns elementos b\u00e1sicos como fundamento para o iniciante: Um local silencioso e organizado, com o m\u00ednimo de distra\u00e7\u00f5es, pode ajudar muito o praticante iniciante. Uma postura confort\u00e1vel, um local que pode ser uma almofada, o pr\u00f3prio ch\u00e3o, cadeira ou poltrona onde o praticante possa acomodar-se com uma postura ereta, mas confort\u00e1vel. A medita\u00e7\u00e3o pode ser praticada na posi\u00e7\u00e3o sentada ou deitada e mesmo caminhando. Contudo, inicialmente, para evitar dormir, a postura sentada, com a coluna ereta, \u00e9 a mais recomendada. Uma aten\u00e7\u00e3o focada. Focar a aten\u00e7\u00e3o, usualmente \u00e9 parte da Medita\u00e7\u00e3o. O praticante pode focar a aten\u00e7\u00e3o num mantra, numa vela, na pr\u00f3pria respira\u00e7\u00e3o. Uma atitude Neutra: neutralidade significa testemunhar, observar o que se passa, sem julgamentos. Deixar os pensamentos, sentimentos e sensa\u00e7\u00f5es, virem e se irem da consci\u00eancia sem julg\u00e1-los ou lutar contra eles. O praticante os testemunha, aprende a observar os pensamentos que surgem enquanto medita e traz o foco da aten\u00e7\u00e3o de volta para o centro ou o alvo da Medita\u00e7\u00e3o, que pode ser o Mantra, a respira\u00e7\u00e3o, um objeto ou uma parte do corpo.<\/span><\/p>\n<p style=\"text-align: center;\"><i><span style=\"font-weight: 400;\">\u201cConhecer os outros \u00e9 intelig\u00eancia, conhecer-se a si pr\u00f3prio \u00e9 a Verdadeira Sabedoria. Controlar os outros \u00e9 for\u00e7a, controlar a si pr\u00f3prio \u00e9 o Verdadeiro Poder.\u201d\u00a0 (<\/span><\/i><span style=\"font-weight: 400;\">Lao-Ts\u00e9)<\/span><\/p>\n<p style=\"text-align: justify;\"><span style=\"font-weight: 400;\">O avan\u00e7o na pr\u00e1tica meditativa conduz o praticante a um melhor autoconhecimento e compreens\u00e3o dos ciclos da Vida. Passa a ter acesso a uma sabedoria profunda, que reside no interior da Natureza Humana e aguarda ser despertada.<\/span><\/p>\n<p style=\"text-align: justify;\"><span style=\"font-weight: 400;\">Mindfulness e Medita\u00e7\u00e3o Transcendental (tamb\u00e9m conhecida como MT) s\u00e3o duas t\u00e9cnicas mais comuns de medita\u00e7\u00e3o no Ocidente.<\/span><\/p>\n<p style=\"text-align: justify;\"><span style=\"font-weight: 400;\">Mindfulness \u00e9 uma Medita\u00e7\u00e3o essencial e muito antiga do Budismo Theravada. Uma das pr\u00e1ticas comuns deste tipo de Medita\u00e7\u00e3o \u00e9 manter a aten\u00e7\u00e3o no fluir da respira\u00e7\u00e3o, entrando e saindo do corpo. O meditante aprende a focar a aten\u00e7\u00e3o no que est\u00e1 sendo experimentado\u00a0<\/span><span style=\"font-weight: 400;\">no momento, sem reagir, interromper ou julgar o que est\u00e1 surgindo, sejam os pensamentos, sensa\u00e7\u00f5es corporais ou sentimentos, isso vai capacitando o praticante, n\u00e3o s\u00f3 durante o tempo da pr\u00e1tica, mas no cotidiano a viver com mais equil\u00edbrio e aceita\u00e7\u00e3o, estando cada vez mais\u00a0<\/span><span style=\"font-weight: 400;\">presente e consciente do que experimenta.\u00a0<\/span><span style=\"font-weight: 400;\">E usa um mantra, uma palavra ou frase que \u00e9 repetida continuamente, para onde se volta a aten\u00e7\u00e3o, evitando assim a distra\u00e7\u00e3o com os pensamentos que surgem na mente. O objetivo desta t\u00e9cnica \u00e9 alcan\u00e7ar um estado de Consci\u00eancia atenta e relaxada.<\/span><\/p>\n<p style=\"text-align: justify;\"><span style=\"font-weight: 400;\">A pr\u00e1tica de Medita\u00e7\u00e3o produz altera\u00e7\u00f5es no corpo que t\u00eam sido mais amplamente estudadas e com isso poder\u00e3o haver indica\u00e7\u00f5es mais precisas do uso mais indicado para de pr\u00e1ticas para quest\u00f5es espec\u00edficas.<\/span><\/p>\n<p style=\"text-align: justify;\"><span style=\"font-weight: 400;\">A pr\u00e1tica da Medita\u00e7\u00e3o pode ser realizada por crian\u00e7as, jovens, adultos e idosos, com diferentes e amplos benef\u00edcios, em cada fase da vida.<\/span><\/p>\n<div class=\"row\"  id=\"row-635191901\">\n\n<div class=\"col medium-4 small-12 large-4\"  ><div class=\"col-inner\"  >\n\n\t<div class=\"img has-hover x md-x lg-x y md-y lg-y\" id=\"image_2066819936\">\n\t\t\t\t\t\t\t\t<div class=\"img-inner dark\" >\n\t\t\t<img loading=\"lazy\" decoding=\"async\" width=\"540\" height=\"540\" src=\"https:\/\/nucleoflordavida.com.br\/site\/wp-content\/uploads\/2021\/01\/IMG-20150730-WA0005-1.jpg\" class=\"attachment-large size-large\" alt=\"\" srcset=\"https:\/\/nucleoflordavida.com.br\/site\/wp-content\/uploads\/2021\/01\/IMG-20150730-WA0005-1.jpg 540w, https:\/\/nucleoflordavida.com.br\/site\/wp-content\/uploads\/2021\/01\/IMG-20150730-WA0005-1-280x280.jpg 280w, https:\/\/nucleoflordavida.com.br\/site\/wp-content\/uploads\/2021\/01\/IMG-20150730-WA0005-1-400x400.jpg 400w, https:\/\/nucleoflordavida.com.br\/site\/wp-content\/uploads\/2021\/01\/IMG-20150730-WA0005-1-300x300.jpg 300w, https:\/\/nucleoflordavida.com.br\/site\/wp-content\/uploads\/2021\/01\/IMG-20150730-WA0005-1-100x100.jpg 100w\" sizes=\"auto, (max-width: 540px) 100vw, 540px\" \/>\t\t\t\t\t\t\n\t\t\t\t\t<\/div>\n\t\t\t\t\t\t\t\t\n<style scope=\"scope\">\n\n#image_2066819936 {\n  width: 100%;\n}\n<\/style>\n\t<\/div>\n\t\n\n\n<\/div><\/div>\n<div class=\"col medium-4 small-12 large-4\"  ><div class=\"col-inner\"  >\n\n\t<div class=\"img has-hover x md-x lg-x y md-y lg-y\" id=\"image_1415820572\">\n\t\t\t\t\t\t\t\t<div class=\"img-inner dark\" >\n\t\t\t<img loading=\"lazy\" decoding=\"async\" width=\"441\" height=\"540\" src=\"https:\/\/nucleoflordavida.com.br\/site\/wp-content\/uploads\/2021\/01\/IMG-20150920-WA0028-1.jpg\" class=\"attachment-large size-large\" alt=\"\" srcset=\"https:\/\/nucleoflordavida.com.br\/site\/wp-content\/uploads\/2021\/01\/IMG-20150920-WA0028-1.jpg 441w, https:\/\/nucleoflordavida.com.br\/site\/wp-content\/uploads\/2021\/01\/IMG-20150920-WA0028-1-327x400.jpg 327w\" sizes=\"auto, (max-width: 441px) 100vw, 441px\" \/>\t\t\t\t\t\t\n\t\t\t\t\t<\/div>\n\t\t\t\t\t\t\t\t\n<style scope=\"scope\">\n\n#image_1415820572 {\n  width: 100%;\n}\n<\/style>\n\t<\/div>\n\t\n\n\n<\/div><\/div>\n<div class=\"col medium-4 small-12 large-4\"  ><div class=\"col-inner\"  >\n\n\t<div class=\"img has-hover x md-x lg-x y md-y lg-y\" id=\"image_411379090\">\n\t\t\t\t\t\t\t\t<div class=\"img-inner dark\" >\n\t\t\t<img loading=\"lazy\" decoding=\"async\" width=\"540\" height=\"540\" src=\"https:\/\/nucleoflordavida.com.br\/site\/wp-content\/uploads\/2021\/01\/IMG-20170605-WA0013-1.jpg\" class=\"attachment-large size-large\" alt=\"\" srcset=\"https:\/\/nucleoflordavida.com.br\/site\/wp-content\/uploads\/2021\/01\/IMG-20170605-WA0013-1.jpg 540w, https:\/\/nucleoflordavida.com.br\/site\/wp-content\/uploads\/2021\/01\/IMG-20170605-WA0013-1-280x280.jpg 280w, https:\/\/nucleoflordavida.com.br\/site\/wp-content\/uploads\/2021\/01\/IMG-20170605-WA0013-1-400x400.jpg 400w, https:\/\/nucleoflordavida.com.br\/site\/wp-content\/uploads\/2021\/01\/IMG-20170605-WA0013-1-300x300.jpg 300w, https:\/\/nucleoflordavida.com.br\/site\/wp-content\/uploads\/2021\/01\/IMG-20170605-WA0013-1-100x100.jpg 100w\" sizes=\"auto, (max-width: 540px) 100vw, 540px\" \/>\t\t\t\t\t\t\n\t\t\t\t\t<\/div>\n\t\t\t\t\t\t\t\t\n<style scope=\"scope\">\n\n#image_411379090 {\n  width: 100%;\n}\n<\/style>\n\t<\/div>\n\t\n\n\n<\/div><\/div>\n\n<\/div>\n\n<\/div><\/div>\n\n<\/div>\n\t<section class=\"section\" id=\"section_792974156\">\n\t\t<div class=\"bg section-bg fill bg-fill  \" >\n\n\t\t\t\n\t\t\t<div class=\"section-bg-overlay absolute fill\"><\/div>\n\t\t\t\n\n\t\t<\/div><!-- .section-bg -->\n\n\t\t<div class=\"section-content relative\">\n\t\t\t\n\n<div class=\"row align-equal\"  id=\"row-123327243\">\n\n<div class=\"col small-12 large-12\"  ><div class=\"col-inner\"  >\n\n<div class=\"gap-element\" style=\"display:block; height:auto; padding-top:35px\" class=\"clearfix\"><\/div>\n\n\n  <div class=\"banner has-hover\" id=\"banner-100397620\">\n          <div class=\"banner-inner fill\">\n        <div class=\"banner-bg fill\" >\n            <div class=\"bg fill bg-fill \"><\/div>\n                                    \n                    <\/div><!-- bg-layers -->\n        <div class=\"banner-layers container\">\n            <div class=\"fill banner-link\"><\/div>            \n\n   <div id=\"text-box-660743488\" class=\"text-box banner-layer x50 md-x10 lg-x10 y10 md-y15 lg-y15 res-text\">\n                                <div class=\"text \">\n              \n              <div class=\"text-inner text-center\">\n                  \n\n<div class=\"gap-element\" style=\"display:block; height:auto; padding-top:15px\" class=\"clearfix\"><\/div>\n\n<h3 class=\"uppercase\"><span style=\"font-size: 115%;\"><strong>AGENDE <br \/>SEU HOR\u00c1RIO<\/strong><\/span><\/h3>\n<p>Para agendar um hor\u00e1rio, basta ligar para o n\u00famero abaixo ou preencher o formul\u00e1rio ao lado:<\/p>\n<p><span style=\"font-size: 160%;\">Tel: +55 11 4412-1212 <br \/><img decoding=\"async\" src=\"http:\/\/nucleoflordavida.com.br\/site\/wp-content\/uploads\/2020\/11\/icon-whatsApp.png\" style=\"width:30px; margin-top:-6px\">11 99933-1340<\/span><\/p>\n<div class=\"social-icons follow-icons \" style=\"font-size:62%\"><a href=\"https:\/\/www.facebook.com\/sementeflordavida\" target=\"_blank\" data-label=\"Facebook\"  rel=\"noopener noreferrer nofollow\" class=\"icon button circle is-outline facebook tooltip\" title=\"Follow on Facebook\"><i class=\"icon-facebook\" ><\/i><\/a><a href=\"https:\/\/www.instagram.com\/sementeflordavida\/\" target=\"_blank\" rel=\"noopener noreferrer nofollow\" data-label=\"Instagram\" class=\"icon button circle is-outline  instagram tooltip\" title=\"Follow on Instagram\"><i class=\"icon-instagram\" ><\/i><\/a><\/div>\n\n\n              <\/div>\n           <\/div><!-- text-box-inner -->\n                            \n<style scope=\"scope\">\n\n#text-box-660743488 {\n  margin: 0px 0px 0px 0px;\n  width: 69%;\n}\n#text-box-660743488 .text {\n  font-size: 100%;\n}\n\n\n@media (min-width:550px) {\n\n  #text-box-660743488 {\n    width: 38%;\n  }\n\n}\n<\/style>\n    <\/div><!-- text-box -->\n \n   <div id=\"text-box-115372866\" class=\"text-box banner-layer x50 md-x90 lg-x90 y90 md-y50 lg-y50 res-text\">\n                                <div class=\"text \">\n              \n              <div class=\"text-inner text-left\">\n                  \n\n[contact-form-7 id=\"438\"]\n\n\n              <\/div>\n           <\/div><!-- text-box-inner -->\n                            \n<style scope=\"scope\">\n\n#text-box-115372866 {\n  margin: 70px 0px 0px 0px;\n  width: 75%;\n}\n#text-box-115372866 .text-inner {\n  padding: 0px 0px 0px 0px;\n}\n#text-box-115372866 .text {\n  font-size: 100%;\n}\n\n\n@media (min-width:550px) {\n\n  #text-box-115372866 {\n    margin: 0 0px 0px 0px;\n    width: 36%;\n  }\n  #text-box-115372866 .text-inner {\n    padding: 0 0px 0px 0px;\n  }\n\n}\n<\/style>\n    <\/div><!-- text-box -->\n \n\n        <\/div><!-- .banner-layers -->\n      <\/div><!-- .banner-inner -->\n\n            \n<style scope=\"scope\">\n\n#banner-100397620 {\n  padding-top: 730px;\n  background-color: rgba(255, 255, 255, 0.91);\n}\n\n\n@media (min-width:550px) {\n\n  #banner-100397620 {\n    padding-top: 550px;\n  }\n\n}\n<\/style>\n  <\/div><!-- .banner -->\n\n\n\n<\/div><\/div>\n\n\n<style scope=\"scope\">\n\n<\/style>\n<\/div>\n\n\t\t<\/div><!-- .section-content -->\n\n\t\t\n<style scope=\"scope\">\n\n#section_792974156 {\n  padding-top: 30px;\n  padding-bottom: 30px;\n}\n#section_792974156 .section-bg-overlay {\n  background-color: rgba(255, 255, 255, 0.24);\n}\n#section_792974156 .section-bg.bg-loaded {\n  background-image: url(https:\/\/nucleoflordavida.com.br\/site\/wp-content\/uploads\/2019\/02\/topo-home2-marca-dagua.jpg);\n}\n#section_792974156 .section-bg {\n  background-position: 26% 58%;\n}\n<\/style>\n\t<\/section>\n\t\n\n\n","protected":false},"excerpt":{"rendered":"","protected":false},"author":3,"featured_media":0,"parent":0,"menu_order":0,"comment_status":"closed","ping_status":"closed","template":"page-transparent-header.php","meta":{"footnotes":""},"class_list":["post-1016","page","type-page","status-publish","hentry"],"_links":{"self":[{"href":"https:\/\/nucleoflordavida.com.br\/site\/wp-json\/wp\/v2\/pages\/1016","targetHints":{"allow":["GET"]}}],"collection":[{"href":"https:\/\/nucleoflordavida.com.br\/site\/wp-json\/wp\/v2\/pages"}],"about":[{"href":"https:\/\/nucleoflordavida.com.br\/site\/wp-json\/wp\/v2\/types\/page"}],"author":[{"embeddable":true,"href":"https:\/\/nucleoflordavida.com.br\/site\/wp-json\/wp\/v2\/users\/3"}],"replies":[{"embeddable":true,"href":"https:\/\/nucleoflordavida.com.br\/site\/wp-json\/wp\/v2\/comments?post=1016"}],"version-history":[{"count":19,"href":"https:\/\/nucleoflordavida.com.br\/site\/wp-json\/wp\/v2\/pages\/1016\/revisions"}],"predecessor-version":[{"id":1486,"href":"https:\/\/nucleoflordavida.com.br\/site\/wp-json\/wp\/v2\/pages\/1016\/revisions\/1486"}],"wp:attachment":[{"href":"https:\/\/nucleoflordavida.com.br\/site\/wp-json\/wp\/v2\/media?parent=1016"}],"curies":[{"name":"wp","href":"https:\/\/api.w.org\/{rel}","templated":true}]}}