{"id":1167,"date":"2021-02-02T17:45:05","date_gmt":"2021-02-02T20:45:05","guid":{"rendered":"http:\/\/nucleoflordavida.com.br\/site\/?page_id=1167"},"modified":"2021-02-05T10:51:16","modified_gmt":"2021-02-05T13:51:16","slug":"a-linguagem-da-alma","status":"publish","type":"page","link":"https:\/\/nucleoflordavida.com.br\/site\/a-linguagem-da-alma\/","title":{"rendered":"A Linguagem da Alma"},"content":{"rendered":"\n\n  <div class=\"banner has-hover\" id=\"banner-1230145047\">\n          <div class=\"banner-inner fill\">\n        <div class=\"banner-bg fill\" >\n            <div class=\"bg fill bg-fill \"><\/div>\n                        <div class=\"overlay\"><\/div>            \n                    <\/div><!-- bg-layers -->\n        <div class=\"banner-layers container\">\n            <div class=\"fill banner-link\"><\/div>            \n\n\n        <\/div><!-- .banner-layers -->\n      <\/div><!-- .banner-inner -->\n\n            \n<style scope=\"scope\">\n\n#banner-1230145047 {\n  padding-top: 320px;\n  background-color: rgb(255, 255, 255);\n}\n#banner-1230145047 .bg.bg-loaded {\n  background-image: url(https:\/\/nucleoflordavida.com.br\/site\/wp-content\/uploads\/2021\/02\/bg-geral-azul.jpg);\n}\n#banner-1230145047 .overlay {\n  background-color: rgba(255, 255, 255, 0.06);\n}\n#banner-1230145047 .bg {\n  background-position: 67% 56%;\n}\n<\/style>\n  <\/div><!-- .banner -->\n\n\n<div class=\"row row-small\"  id=\"row-1684470055\">\n\n<div class=\"col medium-4 small-12 large-4\"  ><div class=\"col-inner\"  >\n\n\n<\/div><\/div>\n<div class=\"col small-12 large-12\"  ><div class=\"col-inner\" style=\"background-color:rgb(255, 255, 255);padding:43px 0px 0px 0px;margin:-135px 0px 0px 0px;\" >\n\n<h1 style=\"text-align: center; font-weight: 300;\"><span style=\"font-size: 200%;\">A linguagem da Alma<\/span><\/h1>\n<p><img loading=\"lazy\" decoding=\"async\" class=\"aligncenter wp-image-333\" src=\"http:\/\/nucleoflordavida.com.br\/site\/wp-content\/uploads\/2021\/02\/cor_dourado_elemento.png\" alt=\"\" width=\"126\" height=\"40\"><\/p>\n\n<\/div><\/div>\n<div class=\"col small-12 large-12\"  ><div class=\"col-inner text-center\" style=\"padding:0px 40px 0px 40px;\" >\n\n\n<\/div><\/div>\n\n\n<style scope=\"scope\">\n\n#row-1684470055 > .col > .col-inner {\n  padding: 0px 0 0px 0px;\n}\n<\/style>\n<\/div>\n<div class=\"row\"  id=\"row-2031550292\">\n\n<div class=\"col small-12 large-12\"  ><div class=\"col-inner text-center\"  >\n\n<div class=\"section-content relative\" style=\"text-align: justify;\">\n<div class=\"row\">\n<div class=\"col medium-12\" style=\"font-style: italic; color: #120a8f; margin-bottom: 10px; text-align: center;\">\n<div class=\"col-inner\">\u201c\u00c9 o Ego que trabalha duro pra aprender a arte de viver. A compreens\u00e3o dos mist\u00e9rios da Alma, atrav\u00e9s da dedica\u00e7\u00e3o, do amor e da ren\u00fancia, deixam-nos abertos para receber a inspira\u00e7\u00e3o. O resultado da integra\u00e7\u00e3o entre inspira\u00e7\u00e3o e habilidade pode ser uma vida vivida como se fosse uma grande obra de arte.\u201d (Carol Pearson)<\/div>\n<\/div>\n<div class=\"col medium-12\">A maneira como a vida est\u00e1 organizada na sociedade p\u00f3s-moderna, promove uma cont\u00ednua desconex\u00e3o com nossas verdades essenciais. O ser humano \u00e9 invadido continuamente por uma infinidade de informa\u00e7\u00f5es, apelos, demandas, orienta\u00e7\u00f5es, vindas do mundo exterior, a maioria delas totalmente in\u00fateis. Grande parte destes conte\u00fados, t\u00eam como objetivo, induzir-nos a consumir algo ou adotar um comportamento ou posi\u00e7\u00e3o espec\u00edfica, que seja congruente aos interesses do mercado, de institui\u00e7\u00f5es pol\u00edticas, financeiras ou religiosas.<\/div>\n<div class=\"col medium-12\">Raramente somos chamados a refletir sobre nossas verdadeiras necessidades e anseios da alma. Somos induzidos a n\u00e3o mais refletir ou pensar para escolher, mas, de modo autom\u00e1tico, repetir o que ouvimos ou consumir o que nos \u00e9 oferecido e raramente paramos para saber se, de fato, estamos nos sentindo bem, ou concordando com o que estamos deixando entrar em nossas vidas.<\/div>\n<div class=\"col medium-12\">Estas vozes vindas de fora se imp\u00f5em de uma forma contundente, sequestram nossa aten\u00e7\u00e3o nas m\u00eddias sociais e aplicativos digitais, e cada vez menos, somos capazes de ouvir a Sagrada voz da Nossa Alma. Aquela que carrega o mapa do nosso destino, da nossa felicidade, das li\u00e7\u00f5es que viemos aprender. A \u00fanica que, de fato, emite a Verdade sobre quem somos, o qu\u00ea viemos buscar aqui e qual \u00e9 o nosso Caminho.<\/div>\n<div class=\"col medium-12\">Esta intensa estimula\u00e7\u00e3o e solicita\u00e7\u00e3o externa, concomitante ao esvaziamento de Si, tem levado o sujeito humano a um n\u00famero crescente de estados depressivos, ansiedade, perda de aten\u00e7\u00e3o, agressividade, falta de libido e melancolia. Um enorme esfor\u00e7o \u00e9 feito para estar \u00e0 altura da aprova\u00e7\u00e3o externa e a recompensa tem sido um estado cada vez maior de aliena\u00e7\u00e3o de si, de cansa\u00e7o e falta de sentido, al\u00e9m de milhares de \u201clikes\u201d.<\/div>\n<div class=\"col medium-12\">Com isso em foco, procurei desenvolver um trabalho que promova em poucos encontros esta volta para dentro, onde se fa\u00e7a poss\u00edvel a escuta da alma. Com a ajuda de ferramentas de autoconhecimento, procuro ser aqui uma int\u00e9rprete dos sinais da alma e te reconectar com esta gentil e delicada voz interior, que \u00e9 o verdadeiro Guia da nossa Jornada e \u00e9 a \u00fanica que pode nos conduzir a uma Vida, repleta de sentido e significado. Neste processo podemos vislumbrar, quem somos, a qu\u00ea viemos e em que ponto do Caminho nos encontramos.<\/div>\n<div class=\"col medium-12\">A linguagem da Alma \u00e9 um trabalho de autoconhecimento, que se desenvolve num percurso de 05 encontros e tem como proposta auxiliar o buscador a identificar e mapear a sua Jornada Pessoal, a partir de uma vis\u00e3o ampliada e mais elevada de si mesmo. Em cada encontro, com o aux\u00edlio de uma ferramenta investigativa espec\u00edfica, vamos desvendando e decodificando os sinais da alma, manifestados em diferentes camadas do nosso Ser.<\/div>\n<div class=\"row\" style=\"margin: 0; align-content: center; align-items: center;\">\n<div class=\"col medium-3\"><img loading=\"lazy\" decoding=\"async\" class=\"size-full wp-image-1157\" src=\"http:\/\/nucleoflordavida.com.br\/site\/wp-content\/uploads\/2021\/02\/arqu\u00e9tipo.jpg\" alt=\"\" width=\"179\" height=\"282\" \/><\/div>\n<div class=\"col medium-9\">No<strong> primeiro encontro<\/strong> buscamos compreender o que voc\u00ea j\u00e1 sabe e j\u00e1 faz, em rela\u00e7\u00e3o \u00e0 sua verdade e vida interior. E voc\u00ea vai identificar, reconhecer, qual arqu\u00e9tipo est\u00e1 se manifestando para conduzi-lo neste momento da Jornada.<br \/><strong>Dura\u00e7\u00e3o:<\/strong> 1 hora e meia.<\/div>\n<\/div>\n<div class=\"row\" style=\"margin: 0; align-content: center; align-items: center;\">\n<div class=\"col medium-3\"><img loading=\"lazy\" decoding=\"async\" class=\"alignnone size-medium wp-image-1179\" src=\"http:\/\/nucleoflordavida.com.br\/site\/wp-content\/uploads\/2021\/02\/Astrologia-alqu\u00edmica-711x400.jpg\" alt=\"\" width=\"711\" height=\"400\" srcset=\"https:\/\/nucleoflordavida.com.br\/site\/wp-content\/uploads\/2021\/02\/Astrologia-alqu\u00edmica-711x400.jpg 711w, https:\/\/nucleoflordavida.com.br\/site\/wp-content\/uploads\/2021\/02\/Astrologia-alqu\u00edmica-768x432.jpg 768w, https:\/\/nucleoflordavida.com.br\/site\/wp-content\/uploads\/2021\/02\/Astrologia-alqu\u00edmica-600x338.jpg 600w, https:\/\/nucleoflordavida.com.br\/site\/wp-content\/uploads\/2021\/02\/Astrologia-alqu\u00edmica.jpg 960w\" sizes=\"auto, (max-width: 711px) 100vw, 711px\" \/><\/div>\n<div class=\"col medium-9\">No <strong>segundo encontro<\/strong> falaremos sobre a predestina\u00e7\u00e3o. Este roteiro encontra-se no Corpo Umeral, nosso oitavo corpo sutil e \u00e9 traduzido na sua Carta Natal ou mapa natal, interpretado \u00e0 luz da alquimia. Ali destacaremos seus desafios, cicatrizes e dores da alma, bem como<br \/>seu prop\u00f3sito, seus talentos e caminho de cura nesta vida.<br \/><strong>Dura\u00e7\u00e3o:<\/strong> 1 hora e meia.<\/div>\n<\/div>\n<div class=\"row\" style=\"margin: 0; align-content: center; align-items: center;\">\n<div class=\"col medium-3\"><img loading=\"lazy\" decoding=\"async\" class=\"alignnone size-medium wp-image-1180\" src=\"http:\/\/nucleoflordavida.com.br\/site\/wp-content\/uploads\/2021\/02\/human-code-4-tipos-711x400.jpg\" alt=\"\" width=\"711\" height=\"400\" srcset=\"https:\/\/nucleoflordavida.com.br\/site\/wp-content\/uploads\/2021\/02\/human-code-4-tipos-711x400.jpg 711w, https:\/\/nucleoflordavida.com.br\/site\/wp-content\/uploads\/2021\/02\/human-code-4-tipos-768x432.jpg 768w, https:\/\/nucleoflordavida.com.br\/site\/wp-content\/uploads\/2021\/02\/human-code-4-tipos-600x338.jpg 600w, https:\/\/nucleoflordavida.com.br\/site\/wp-content\/uploads\/2021\/02\/human-code-4-tipos.jpg 1280w\" sizes=\"auto, (max-width: 711px) 100vw, 711px\" \/><\/div>\n<div class=\"col medium-9\">No <strong>terceiro encontro<\/strong>, abordamos seu mapeamento pessoal, que traz as for\u00e7as primordiais que norteiam sua express\u00e3o no mundo, seus relacionamentos e cen\u00e1rios mais imediatos, olhando de forma mais pragm\u00e1tica para as possibilidades de a\u00e7\u00e3o no presente<br \/>imediato.<br \/><strong>Dura\u00e7\u00e3o:<\/strong> 1 hora e meia.<\/div>\n<\/div>\n<div class=\"row\" style=\"margin: 0; align-content: center; align-items: center;\">\n<div class=\"col medium-3\"><img loading=\"lazy\" decoding=\"async\" class=\"alignnone size-medium wp-image-1238\" src=\"http:\/\/nucleoflordavida.com.br\/site\/wp-content\/uploads\/2021\/02\/Tabuleiro-Maha-Lilah-O-Jogo-da-Vida-Jogo-online--573x400.jpg\" alt=\"\" width=\"573\" height=\"400\" srcset=\"https:\/\/nucleoflordavida.com.br\/site\/wp-content\/uploads\/2021\/02\/Tabuleiro-Maha-Lilah-O-Jogo-da-Vida-Jogo-online--573x400.jpg 573w, https:\/\/nucleoflordavida.com.br\/site\/wp-content\/uploads\/2021\/02\/Tabuleiro-Maha-Lilah-O-Jogo-da-Vida-Jogo-online--768x536.jpg 768w, https:\/\/nucleoflordavida.com.br\/site\/wp-content\/uploads\/2021\/02\/Tabuleiro-Maha-Lilah-O-Jogo-da-Vida-Jogo-online--1146x800.jpg 1146w, https:\/\/nucleoflordavida.com.br\/site\/wp-content\/uploads\/2021\/02\/Tabuleiro-Maha-Lilah-O-Jogo-da-Vida-Jogo-online--600x419.jpg 600w\" sizes=\"auto, (max-width: 573px) 100vw, 573px\" \/><\/div>\n<div class=\"col medium-9\">No <strong>quarto encontro<\/strong>, trazemos a experi\u00eancia do Jogo da Vida \u2013 MahaLila, que oferece importantes insights para lidar com seu maior desafio e transforma\u00e7\u00f5es necess\u00e1rias no momento.<br \/><strong>Dura\u00e7\u00e3o:<\/strong> 1 hora e meia.<\/div>\n<\/div>\n<div class=\"row\" style=\"margin: 0; align-content: center; align-items: center;\">\n<div class=\"col medium-12\">E no <strong>quinto encontro<\/strong>, de 1 hora, \u00e9 o momento do fechamento, de abra\u00e7ar seus potenciais, desafios e se alinhar com seu Prop\u00f3sito, lan\u00e7ar o olhar para o futuro e planejar o caminho que foi se revelando ao longo dos 4 encontros anteriores.<\/div>\n<\/div>\n<div class=\"col medium-12\" style=\"margin-bottom: 10px; text-align: center;\">\n<div class=\"col-inner\"><strong>Fl\u00e1via Garcia<\/strong> \u2013 Alquimista, analista Human Code e facilitadora do Jogo da Vida.<\/div>\n<div>\u00a0<\/div>\n<div class=\"col-inner\"><a class=\"button primary btPsicoterapia\" style=\"margin-top: 20px;\" href=\"https:\/\/api.whatsapp.com\/send?phone=5511999331340\">Fale Conosco<\/a><\/div>\n<\/div>\n<\/div>\n<\/div>\n\n<\/div><\/div>\n\n<\/div>\n<div class=\"gap-element\" style=\"display:block; height:auto; padding-top:60px\" class=\"clearfix\"><\/div>\n\n\t<section class=\"section\" id=\"section_1360657859\">\n\t\t<div class=\"bg section-bg fill bg-fill  \" >\n\n\t\t\t\n\t\t\t<div class=\"section-bg-overlay absolute fill\"><\/div>\n\t\t\t\n\n\t\t<\/div><!-- .section-bg -->\n\n\t\t<div class=\"section-content relative\">\n\t\t\t\n\n<div class=\"row align-equal\"  id=\"row-408341531\">\n\n<div class=\"col small-12 large-12\"  ><div class=\"col-inner\"  >\n\n<div class=\"gap-element\" style=\"display:block; height:auto; padding-top:35px\" class=\"clearfix\"><\/div>\n\n\n  <div class=\"banner has-hover\" id=\"banner-1212972973\">\n          <div class=\"banner-inner fill\">\n        <div class=\"banner-bg fill\" >\n            <div class=\"bg fill bg-fill \"><\/div>\n                                    \n                    <\/div><!-- bg-layers -->\n        <div class=\"banner-layers container\">\n            <div class=\"fill banner-link\"><\/div>            \n\n   <div id=\"text-box-450887535\" class=\"text-box banner-layer x50 md-x10 lg-x10 y10 md-y15 lg-y15 res-text\">\n                                <div class=\"text \">\n              \n              <div class=\"text-inner text-center\">\n                  \n\n<div class=\"gap-element\" style=\"display:block; height:auto; padding-top:15px\" class=\"clearfix\"><\/div>\n\n<h3 class=\"uppercase\"><span style=\"font-size: 115%;\"><strong>Fale Conosco<\/strong><\/span><\/h3>\n<p><span style=\"font-size: 120%;\">Tel: +55 11 4412-1212<br \/>\n<img decoding=\"async\" style=\"width: 30px; margin-top: -6px;\" src=\"http:\/\/nucleoflordavida.com.br\/site\/wp-content\/uploads\/2020\/11\/icon-whatsApp.png\" \/>11 99933-1340<br \/>\nE-mail: nucleoflordavida@gmail.com<\/span><\/p>\n<div class=\"social-icons follow-icons \" style=\"font-size:62%\"><a href=\"https:\/\/www.facebook.com\/sementeflordavida\" target=\"_blank\" data-label=\"Facebook\"  rel=\"noopener noreferrer nofollow\" class=\"icon button circle is-outline facebook tooltip\" title=\"Follow on Facebook\"><i class=\"icon-facebook\" ><\/i><\/a><a href=\"https:\/\/www.instagram.com\/sementeflordavida\/\" target=\"_blank\" rel=\"noopener noreferrer nofollow\" data-label=\"Instagram\" class=\"icon button circle is-outline  instagram tooltip\" title=\"Follow on Instagram\"><i class=\"icon-instagram\" ><\/i><\/a><\/div>\n\n\n              <\/div>\n           <\/div><!-- text-box-inner -->\n                            \n<style scope=\"scope\">\n\n#text-box-450887535 {\n  margin: 0px 0px 0px 0px;\n  width: 69%;\n}\n#text-box-450887535 .text {\n  font-size: 100%;\n}\n\n\n@media (min-width:550px) {\n\n  #text-box-450887535 {\n    width: 38%;\n  }\n\n}\n<\/style>\n    <\/div><!-- text-box -->\n \n   <div id=\"text-box-487942675\" class=\"text-box banner-layer x50 md-x90 lg-x90 y90 md-y50 lg-y50 res-text\">\n                                <div class=\"text \">\n              \n              <div class=\"text-inner text-left\">\n                  \n\n[contact-form-7 id=\"438\"]\n\n\n              <\/div>\n           <\/div><!-- text-box-inner -->\n                            \n<style scope=\"scope\">\n\n#text-box-487942675 {\n  margin: 70px 0px 0px 0px;\n  width: 75%;\n}\n#text-box-487942675 .text-inner {\n  padding: 0px 0px 0px 0px;\n}\n#text-box-487942675 .text {\n  font-size: 100%;\n}\n\n\n@media (min-width:550px) {\n\n  #text-box-487942675 {\n    margin: 0 0px 0px 0px;\n    width: 36%;\n  }\n  #text-box-487942675 .text-inner {\n    padding: 0 0px 0px 0px;\n  }\n\n}\n<\/style>\n    <\/div><!-- text-box -->\n \n\n        <\/div><!-- .banner-layers -->\n      <\/div><!-- .banner-inner -->\n\n            \n<style scope=\"scope\">\n\n#banner-1212972973 {\n  padding-top: 670px;\n  background-color: rgba(255, 255, 255, 0.91);\n}\n\n\n@media (min-width:550px) {\n\n  #banner-1212972973 {\n    padding-top: 550px;\n  }\n\n}\n<\/style>\n  <\/div><!-- .banner -->\n\n\n\n<\/div><\/div>\n\n\n<style scope=\"scope\">\n\n<\/style>\n<\/div>\n\n\t\t<\/div><!-- .section-content -->\n\n\t\t\n<style scope=\"scope\">\n\n#section_1360657859 {\n  padding-top: 30px;\n  padding-bottom: 30px;\n}\n#section_1360657859 .section-bg-overlay {\n  background-color: rgba(255, 255, 255, 0.24);\n}\n#section_1360657859 .section-bg.bg-loaded {\n  background-image: url(https:\/\/nucleoflordavida.com.br\/site\/wp-content\/uploads\/2019\/02\/topo-home2-marca-dagua.jpg);\n}\n#section_1360657859 .section-bg {\n  background-position: 26% 58%;\n}\n<\/style>\n\t<\/section>\n\t\n\n\n","protected":false},"excerpt":{"rendered":"","protected":false},"author":3,"featured_media":0,"parent":0,"menu_order":0,"comment_status":"closed","ping_status":"closed","template":"page-transparent-header.php","meta":{"footnotes":""},"class_list":["post-1167","page","type-page","status-publish","hentry"],"_links":{"self":[{"href":"https:\/\/nucleoflordavida.com.br\/site\/wp-json\/wp\/v2\/pages\/1167","targetHints":{"allow":["GET"]}}],"collection":[{"href":"https:\/\/nucleoflordavida.com.br\/site\/wp-json\/wp\/v2\/pages"}],"about":[{"href":"https:\/\/nucleoflordavida.com.br\/site\/wp-json\/wp\/v2\/types\/page"}],"author":[{"embeddable":true,"href":"https:\/\/nucleoflordavida.com.br\/site\/wp-json\/wp\/v2\/users\/3"}],"replies":[{"embeddable":true,"href":"https:\/\/nucleoflordavida.com.br\/site\/wp-json\/wp\/v2\/comments?post=1167"}],"version-history":[{"count":68,"href":"https:\/\/nucleoflordavida.com.br\/site\/wp-json\/wp\/v2\/pages\/1167\/revisions"}],"predecessor-version":[{"id":1530,"href":"https:\/\/nucleoflordavida.com.br\/site\/wp-json\/wp\/v2\/pages\/1167\/revisions\/1530"}],"wp:attachment":[{"href":"https:\/\/nucleoflordavida.com.br\/site\/wp-json\/wp\/v2\/media?parent=1167"}],"curies":[{"name":"wp","href":"https:\/\/api.w.org\/{rel}","templated":true}]}}