{"id":514,"date":"2019-03-09T14:17:46","date_gmt":"2019-03-09T17:17:46","guid":{"rendered":"http:\/\/nucleoflordavida.com.br\/site\/?page_id=514"},"modified":"2021-02-05T10:03:46","modified_gmt":"2021-02-05T13:03:46","slug":"o-espaco","status":"publish","type":"page","link":"https:\/\/nucleoflordavida.com.br\/site\/o-espaco\/","title":{"rendered":"O Espa\u00e7o"},"content":{"rendered":"\n\n  <div class=\"banner has-hover\" id=\"banner-133762124\">\n          <div class=\"banner-inner fill\">\n        <div class=\"banner-bg fill\" >\n            <div class=\"bg fill bg-fill \"><\/div>\n                                    \n                    <\/div><!-- bg-layers -->\n        <div class=\"banner-layers container\">\n            <div class=\"fill banner-link\"><\/div>            \n\n\n        <\/div><!-- .banner-layers -->\n      <\/div><!-- .banner-inner -->\n\n            \n<style scope=\"scope\">\n\n#banner-133762124 {\n  padding-top: 320px;\n  background-color: rgb(255, 255, 255);\n}\n#banner-133762124 .bg.bg-loaded {\n  background-image: url(https:\/\/nucleoflordavida.com.br\/site\/wp-content\/uploads\/2021\/02\/bg-geral-azul.jpg);\n}\n#banner-133762124 .bg {\n  background-position: 50% 100%;\n}\n<\/style>\n  <\/div><!-- .banner -->\n\n\n<div class=\"row row-small\"  id=\"row-1017150554\">\n\n<div class=\"col small-12 large-12\"  ><div class=\"col-inner\" style=\"background-color:rgb(255, 255, 255);padding:43px 0px 0px 0px;margin:-135px 0px 0px 0px;\" >\n\n<h1 style=\"text-align: center; font-weight: 300;\"><span style=\"font-size: 200%;\">O Espa\u00e7o<\/span><\/h1>\n<p><img loading=\"lazy\" decoding=\"async\" class=\"aligncenter wp-image-333\" src=\"http:\/\/nucleoflordavida.com.br\/site\/wp-content\/uploads\/2021\/02\/cor_dourado_elemento.png\" alt=\"\" width=\"126\" height=\"40\"><\/p>\n\n<\/div><\/div>\n\n\n<style scope=\"scope\">\n\n#row-1017150554 > .col > .col-inner {\n  padding: 0px 0 0px 0px;\n}\n<\/style>\n<\/div>\n<div class=\"row\"  id=\"row-404916474\">\n\n<div class=\"col small-12 large-12\"  ><div class=\"col-inner text-center\"  >\n\n<p><img loading=\"lazy\" decoding=\"async\" class=\"alignnone size-medium wp-image-1252\" src=\"http:\/\/nucleoflordavida.com.br\/site\/wp-content\/uploads\/2021\/02\/222-533x400.jpeg\" alt=\"\" width=\"533\" height=\"400\" srcset=\"https:\/\/nucleoflordavida.com.br\/site\/wp-content\/uploads\/2021\/02\/222-533x400.jpeg 533w, https:\/\/nucleoflordavida.com.br\/site\/wp-content\/uploads\/2021\/02\/222-768x576.jpeg 768w, https:\/\/nucleoflordavida.com.br\/site\/wp-content\/uploads\/2021\/02\/222-600x450.jpeg 600w, https:\/\/nucleoflordavida.com.br\/site\/wp-content\/uploads\/2021\/02\/222.jpeg 1040w\" sizes=\"auto, (max-width: 533px) 100vw, 533px\" \/><\/p>\n<p style=\"text-align: left;\"><strong>Tecendo a Rede<\/strong><\/p>\n<p style=\"text-align: justify;\">O N\u00facleo Flor da Vida est\u00e1 situado na cidade de Atibaia, a 50km de S\u00e3o Paulo. Sua localiza\u00e7\u00e3o privilegiada, em frente ao Lago do Jardim Paulista, oferece uma atmosfera agrad\u00e1vel e acolhedora, onde tudo \u00e9 organizado de forma a oferecer um ambiente que inspire tranquilidade, beleza e confian\u00e7a, para aqueles que est\u00e3o dispostos a clarear a mente, desintoxicar as emo\u00e7\u00f5es, desabafar,\u00a0 soltar as dores, trabalhar o corpo, descobrir mais sobre si mesmo, aprender sobre a Natureza e o\u00a0 Universo. Buscamos maneiras prazerosas e criativas de seguir uma Vida Pr\u00f3spera ou simplesmente estar em equil\u00edbrio, perto de amigos e silenciar.<\/p>\n<p style=\"text-align: justify;\">Nossa Miss\u00e3o \u00e9 contribuir com a manifesta\u00e7\u00e3o de um mundo mais justo, pac\u00edfico e saud\u00e1vel, onde todos possam viver criativamente, com sa\u00fade e prazer, expressando seus talentos e dignamente assumindo a responsabilidade em criar e manter o melhor para si e para o Todo. Para n\u00f3s, isso longe de ser uma utopia, \u00e9 a Realidade que visualizamos num futuro pr\u00f3ximo e temos o Prop\u00f3sito de oferecer o melhor de n\u00f3s para que se manifeste brevemente, para todos que desejarem o mesmo.\u00a0<\/p>\n<p style=\"text-align: justify;\">Com essa Vis\u00e3o e Inten\u00e7\u00e3o, organizamos este Lugar, que re\u00fane e disponibiliza, diferentes caminhos, id\u00e9ias, t\u00e9cnicas, ferramentas de auto conhecimento e dimens\u00f5es de cura, que permitem transcender as limita\u00e7\u00f5es impostas pela concep\u00e7\u00e3o de vida\u00a0 materialista, geradora de adoecimento e escassez, ao inv\u00e9s da alegria e vitalidade que todos almejamos.<\/p>\n<p style=\"text-align: justify;\">Buscamos com seriedade integrar os fundamentos essenciais da Antiga Sabedoria com os novos paradigmas, fundamentados nas avan\u00e7adas descobertas da F\u00edsica Qu\u00e2ntica, Teoria Sist\u00eamica, Neuroci\u00eancia, Biologia, Psicologia e Espiritualidade, atrav\u00e9s do trabalho de profissionais competentes e comprometidos em criar juntos esta Mandala Integrativa e Curadora,\u00a0 chamada <strong>FLOR DA VIDA.<\/strong><\/p>\n<p style=\"text-align: justify;\">Desenhar uma nova concep\u00e7\u00e3o do Viver, que gere harmonia e equanimidade em coopera\u00e7\u00e3o criativa com a Fam\u00edlia Humana e todos os Reinos da Natureza, \u00e9 algo que nos move. Para isso acreditamos que todos os seres precisam se tornar sujeitos ativos e criativos, no comando de suas escolhas, sens\u00edveis \u00e0 vida ao seu redor e emancipados mental e emocionalmente.\u00a0<\/p>\n<p style=\"text-align: justify;\">Sem autoconhecimento esta Realidade jamais ser\u00e1 poss\u00edvel, portanto, \u00e9 no caminho para dentro, no Conhece-te a Ti mesmo, onde mais investimos nosso tempo, esfor\u00e7os e recursos.<\/p>\n<p style=\"text-align: justify;\">Abra\u00e7o Fraterno<\/p>\n<p style=\"text-align: left;\"><strong>Fl\u00e1via Garcia<\/strong><br \/>Mestre em Psicologia cl\u00ednica<br \/>Psicoterapeuta e fundadora do Flor da Vida<br \/>N\u00facleo de Evolu\u00e7\u00e3o Humana.<\/p>\n\n<\/div><\/div>\n\n<\/div>\n\n  \n    <div class=\"row large-columns-4 medium-columns- small-columns-2\">\n          <div class=\"gallery-col col\" >\n          <div class=\"col-inner\">\n            <a class=\"image-lightbox lightbox-gallery\" href=\"https:\/\/nucleoflordavida.com.br\/site\/wp-content\/uploads\/2019\/03\/flor-da-vida-02.jpg\" title=\"\">            <div class=\"box has-hover gallery-box box-overlay dark\">\n              <div class=\"box-image image-cover\" style=\"padding-top:null;\">\n                <img loading=\"lazy\" decoding=\"async\" width=\"533\" height=\"400\" src=\"https:\/\/nucleoflordavida.com.br\/site\/wp-content\/uploads\/2019\/03\/flor-da-vida-02-533x400.jpg\" class=\"attachment-medium size-medium\" alt=\"\" ids=\"521,523,519,533,531,1225,525,535\" image_height=\"null\" srcset=\"https:\/\/nucleoflordavida.com.br\/site\/wp-content\/uploads\/2019\/03\/flor-da-vida-02-533x400.jpg 533w, https:\/\/nucleoflordavida.com.br\/site\/wp-content\/uploads\/2019\/03\/flor-da-vida-02-768x576.jpg 768w, https:\/\/nucleoflordavida.com.br\/site\/wp-content\/uploads\/2019\/03\/flor-da-vida-02-600x450.jpg 600w, https:\/\/nucleoflordavida.com.br\/site\/wp-content\/uploads\/2019\/03\/flor-da-vida-02.jpg 800w\" sizes=\"auto, (max-width: 533px) 100vw, 533px\" \/>                                  <div class=\"overlay fill\"\n                      style=\"background-color: rgba(0,0,0,.15)\">\n                  <\/div>\n                                                              <\/div><!-- .image -->\n              <div class=\"box-text text-left\" >\n                 <p><\/p>\n              <\/div><!-- .text -->\n            <\/div><!-- .box -->\n            <\/a>          <\/div><!-- .col-inner -->\n         <\/div><!-- .col -->\n                 <div class=\"gallery-col col\" >\n          <div class=\"col-inner\">\n            <a class=\"image-lightbox lightbox-gallery\" href=\"https:\/\/nucleoflordavida.com.br\/site\/wp-content\/uploads\/2019\/03\/flor-da-vida-03.jpg\" title=\"\">            <div class=\"box has-hover gallery-box box-overlay dark\">\n              <div class=\"box-image image-cover\" style=\"padding-top:null;\">\n                <img loading=\"lazy\" decoding=\"async\" width=\"533\" height=\"400\" src=\"https:\/\/nucleoflordavida.com.br\/site\/wp-content\/uploads\/2019\/03\/flor-da-vida-03-533x400.jpg\" class=\"attachment-medium size-medium\" alt=\"\" ids=\"521,523,519,533,531,1225,525,535\" image_height=\"null\" srcset=\"https:\/\/nucleoflordavida.com.br\/site\/wp-content\/uploads\/2019\/03\/flor-da-vida-03-533x400.jpg 533w, https:\/\/nucleoflordavida.com.br\/site\/wp-content\/uploads\/2019\/03\/flor-da-vida-03-768x576.jpg 768w, https:\/\/nucleoflordavida.com.br\/site\/wp-content\/uploads\/2019\/03\/flor-da-vida-03-600x450.jpg 600w, https:\/\/nucleoflordavida.com.br\/site\/wp-content\/uploads\/2019\/03\/flor-da-vida-03.jpg 800w\" sizes=\"auto, (max-width: 533px) 100vw, 533px\" \/>                                  <div class=\"overlay fill\"\n                      style=\"background-color: rgba(0,0,0,.15)\">\n                  <\/div>\n                                                              <\/div><!-- .image -->\n              <div class=\"box-text text-left\" >\n                 <p><\/p>\n              <\/div><!-- .text -->\n            <\/div><!-- .box -->\n            <\/a>          <\/div><!-- .col-inner -->\n         <\/div><!-- .col -->\n                 <div class=\"gallery-col col\" >\n          <div class=\"col-inner\">\n            <a class=\"image-lightbox lightbox-gallery\" href=\"https:\/\/nucleoflordavida.com.br\/site\/wp-content\/uploads\/2019\/03\/flor-da-vida-01.jpg\" title=\"\">            <div class=\"box has-hover gallery-box box-overlay dark\">\n              <div class=\"box-image image-cover\" style=\"padding-top:null;\">\n                <img loading=\"lazy\" decoding=\"async\" width=\"533\" height=\"400\" src=\"https:\/\/nucleoflordavida.com.br\/site\/wp-content\/uploads\/2019\/03\/flor-da-vida-01-533x400.jpg\" class=\"attachment-medium size-medium\" alt=\"\" ids=\"521,523,519,533,531,1225,525,535\" image_height=\"null\" srcset=\"https:\/\/nucleoflordavida.com.br\/site\/wp-content\/uploads\/2019\/03\/flor-da-vida-01-533x400.jpg 533w, https:\/\/nucleoflordavida.com.br\/site\/wp-content\/uploads\/2019\/03\/flor-da-vida-01-768x576.jpg 768w, https:\/\/nucleoflordavida.com.br\/site\/wp-content\/uploads\/2019\/03\/flor-da-vida-01-600x450.jpg 600w, https:\/\/nucleoflordavida.com.br\/site\/wp-content\/uploads\/2019\/03\/flor-da-vida-01.jpg 800w\" sizes=\"auto, (max-width: 533px) 100vw, 533px\" \/>                                  <div class=\"overlay fill\"\n                      style=\"background-color: rgba(0,0,0,.15)\">\n                  <\/div>\n                                                              <\/div><!-- .image -->\n              <div class=\"box-text text-left\" >\n                 <p><\/p>\n              <\/div><!-- .text -->\n            <\/div><!-- .box -->\n            <\/a>          <\/div><!-- .col-inner -->\n         <\/div><!-- .col -->\n                 <div class=\"gallery-col col\" >\n          <div class=\"col-inner\">\n            <a class=\"image-lightbox lightbox-gallery\" href=\"https:\/\/nucleoflordavida.com.br\/site\/wp-content\/uploads\/2019\/03\/flor-da-vida-08.jpg\" title=\"\">            <div class=\"box has-hover gallery-box box-overlay dark\">\n              <div class=\"box-image image-cover\" style=\"padding-top:null;\">\n                <img loading=\"lazy\" decoding=\"async\" width=\"533\" height=\"400\" src=\"https:\/\/nucleoflordavida.com.br\/site\/wp-content\/uploads\/2019\/03\/flor-da-vida-08-533x400.jpg\" class=\"attachment-medium size-medium\" alt=\"\" ids=\"521,523,519,533,531,1225,525,535\" image_height=\"null\" srcset=\"https:\/\/nucleoflordavida.com.br\/site\/wp-content\/uploads\/2019\/03\/flor-da-vida-08-533x400.jpg 533w, https:\/\/nucleoflordavida.com.br\/site\/wp-content\/uploads\/2019\/03\/flor-da-vida-08-768x576.jpg 768w, https:\/\/nucleoflordavida.com.br\/site\/wp-content\/uploads\/2019\/03\/flor-da-vida-08-600x450.jpg 600w, https:\/\/nucleoflordavida.com.br\/site\/wp-content\/uploads\/2019\/03\/flor-da-vida-08.jpg 800w\" sizes=\"auto, (max-width: 533px) 100vw, 533px\" \/>                                  <div class=\"overlay fill\"\n                      style=\"background-color: rgba(0,0,0,.15)\">\n                  <\/div>\n                                                              <\/div><!-- .image -->\n              <div class=\"box-text text-left\" >\n                 <p><\/p>\n              <\/div><!-- .text -->\n            <\/div><!-- .box -->\n            <\/a>          <\/div><!-- .col-inner -->\n         <\/div><!-- .col -->\n                 <div class=\"gallery-col col\" >\n          <div class=\"col-inner\">\n            <a class=\"image-lightbox lightbox-gallery\" href=\"https:\/\/nucleoflordavida.com.br\/site\/wp-content\/uploads\/2019\/03\/flor-da-vida-07.jpg\" title=\"\">            <div class=\"box has-hover gallery-box box-overlay dark\">\n              <div class=\"box-image image-cover\" style=\"padding-top:null;\">\n                <img loading=\"lazy\" decoding=\"async\" width=\"533\" height=\"400\" src=\"https:\/\/nucleoflordavida.com.br\/site\/wp-content\/uploads\/2019\/03\/flor-da-vida-07-533x400.jpg\" class=\"attachment-medium size-medium\" alt=\"\" ids=\"521,523,519,533,531,1225,525,535\" image_height=\"null\" srcset=\"https:\/\/nucleoflordavida.com.br\/site\/wp-content\/uploads\/2019\/03\/flor-da-vida-07-533x400.jpg 533w, https:\/\/nucleoflordavida.com.br\/site\/wp-content\/uploads\/2019\/03\/flor-da-vida-07-768x576.jpg 768w, https:\/\/nucleoflordavida.com.br\/site\/wp-content\/uploads\/2019\/03\/flor-da-vida-07-600x450.jpg 600w, https:\/\/nucleoflordavida.com.br\/site\/wp-content\/uploads\/2019\/03\/flor-da-vida-07.jpg 800w\" sizes=\"auto, (max-width: 533px) 100vw, 533px\" \/>                                  <div class=\"overlay fill\"\n                      style=\"background-color: rgba(0,0,0,.15)\">\n                  <\/div>\n                                                              <\/div><!-- .image -->\n              <div class=\"box-text text-left\" >\n                 <p><\/p>\n              <\/div><!-- .text -->\n            <\/div><!-- .box -->\n            <\/a>          <\/div><!-- .col-inner -->\n         <\/div><!-- .col -->\n                 <div class=\"gallery-col col\" >\n          <div class=\"col-inner\">\n            <a class=\"image-lightbox lightbox-gallery\" href=\"https:\/\/nucleoflordavida.com.br\/site\/wp-content\/uploads\/2021\/02\/ESPA\u00c7O-3.jpeg\" title=\"\">            <div class=\"box has-hover gallery-box box-overlay dark\">\n              <div class=\"box-image image-cover\" style=\"padding-top:null;\">\n                <img loading=\"lazy\" decoding=\"async\" width=\"533\" height=\"400\" src=\"https:\/\/nucleoflordavida.com.br\/site\/wp-content\/uploads\/2021\/02\/ESPA\u00c7O-3-533x400.jpeg\" class=\"attachment-medium size-medium\" alt=\"\" ids=\"521,523,519,533,531,1225,525,535\" image_height=\"null\" srcset=\"https:\/\/nucleoflordavida.com.br\/site\/wp-content\/uploads\/2021\/02\/ESPA\u00c7O-3-533x400.jpeg 533w, https:\/\/nucleoflordavida.com.br\/site\/wp-content\/uploads\/2021\/02\/ESPA\u00c7O-3-768x576.jpeg 768w, https:\/\/nucleoflordavida.com.br\/site\/wp-content\/uploads\/2021\/02\/ESPA\u00c7O-3-600x450.jpeg 600w, https:\/\/nucleoflordavida.com.br\/site\/wp-content\/uploads\/2021\/02\/ESPA\u00c7O-3.jpeg 1040w\" sizes=\"auto, (max-width: 533px) 100vw, 533px\" \/>                                  <div class=\"overlay fill\"\n                      style=\"background-color: rgba(0,0,0,.15)\">\n                  <\/div>\n                                                              <\/div><!-- .image -->\n              <div class=\"box-text text-left\" >\n                 <p><\/p>\n              <\/div><!-- .text -->\n            <\/div><!-- .box -->\n            <\/a>          <\/div><!-- .col-inner -->\n         <\/div><!-- .col -->\n                 <div class=\"gallery-col col\" >\n          <div class=\"col-inner\">\n            <a class=\"image-lightbox lightbox-gallery\" href=\"https:\/\/nucleoflordavida.com.br\/site\/wp-content\/uploads\/2019\/03\/flor-da-vida-04.jpg\" title=\"\">            <div class=\"box has-hover gallery-box box-overlay dark\">\n              <div class=\"box-image image-cover\" style=\"padding-top:null;\">\n                <img loading=\"lazy\" decoding=\"async\" width=\"533\" height=\"400\" src=\"https:\/\/nucleoflordavida.com.br\/site\/wp-content\/uploads\/2019\/03\/flor-da-vida-04-533x400.jpg\" class=\"attachment-medium size-medium\" alt=\"\" ids=\"521,523,519,533,531,1225,525,535\" image_height=\"null\" srcset=\"https:\/\/nucleoflordavida.com.br\/site\/wp-content\/uploads\/2019\/03\/flor-da-vida-04-533x400.jpg 533w, https:\/\/nucleoflordavida.com.br\/site\/wp-content\/uploads\/2019\/03\/flor-da-vida-04-768x576.jpg 768w, https:\/\/nucleoflordavida.com.br\/site\/wp-content\/uploads\/2019\/03\/flor-da-vida-04-600x450.jpg 600w, https:\/\/nucleoflordavida.com.br\/site\/wp-content\/uploads\/2019\/03\/flor-da-vida-04.jpg 800w\" sizes=\"auto, (max-width: 533px) 100vw, 533px\" \/>                                  <div class=\"overlay fill\"\n                      style=\"background-color: rgba(0,0,0,.15)\">\n                  <\/div>\n                                                              <\/div><!-- .image -->\n              <div class=\"box-text text-left\" >\n                 <p><\/p>\n              <\/div><!-- .text -->\n            <\/div><!-- .box -->\n            <\/a>          <\/div><!-- .col-inner -->\n         <\/div><!-- .col -->\n                 <div class=\"gallery-col col\" >\n          <div class=\"col-inner\">\n            <a class=\"image-lightbox lightbox-gallery\" href=\"https:\/\/nucleoflordavida.com.br\/site\/wp-content\/uploads\/2019\/03\/flor-da-vida-09.jpg\" title=\"\">            <div class=\"box has-hover gallery-box box-overlay dark\">\n              <div class=\"box-image image-cover\" style=\"padding-top:null;\">\n                <img loading=\"lazy\" decoding=\"async\" width=\"533\" height=\"400\" src=\"https:\/\/nucleoflordavida.com.br\/site\/wp-content\/uploads\/2019\/03\/flor-da-vida-09-533x400.jpg\" class=\"attachment-medium size-medium\" alt=\"\" ids=\"521,523,519,533,531,1225,525,535\" image_height=\"null\" srcset=\"https:\/\/nucleoflordavida.com.br\/site\/wp-content\/uploads\/2019\/03\/flor-da-vida-09-533x400.jpg 533w, https:\/\/nucleoflordavida.com.br\/site\/wp-content\/uploads\/2019\/03\/flor-da-vida-09-768x576.jpg 768w, https:\/\/nucleoflordavida.com.br\/site\/wp-content\/uploads\/2019\/03\/flor-da-vida-09-600x450.jpg 600w, https:\/\/nucleoflordavida.com.br\/site\/wp-content\/uploads\/2019\/03\/flor-da-vida-09.jpg 800w\" sizes=\"auto, (max-width: 533px) 100vw, 533px\" \/>                                  <div class=\"overlay fill\"\n                      style=\"background-color: rgba(0,0,0,.15)\">\n                  <\/div>\n                                                              <\/div><!-- .image -->\n              <div class=\"box-text text-left\" >\n                 <p><\/p>\n              <\/div><!-- .text -->\n            <\/div><!-- .box -->\n            <\/a>          <\/div><!-- .col-inner -->\n         <\/div><!-- .col -->\n         <\/div>\n\n<div class=\"gap-element\" style=\"display:block; height:auto; padding-top:60px\" class=\"clearfix\"><\/div>\n\n\t<section class=\"section\" id=\"section_327785450\">\n\t\t<div class=\"bg section-bg fill bg-fill  \" >\n\n\t\t\t\n\t\t\t<div class=\"section-bg-overlay absolute fill\"><\/div>\n\t\t\t\n\n\t\t<\/div><!-- .section-bg -->\n\n\t\t<div class=\"section-content relative\">\n\t\t\t\n\n<div class=\"row align-equal\"  id=\"row-921903986\">\n\n<div class=\"col small-12 large-12\"  ><div class=\"col-inner\"  >\n\n<div class=\"gap-element\" style=\"display:block; height:auto; padding-top:35px\" class=\"clearfix\"><\/div>\n\n\n  <div class=\"banner has-hover\" id=\"banner-943494743\">\n          <div class=\"banner-inner fill\">\n        <div class=\"banner-bg fill\" >\n            <div class=\"bg fill bg-fill \"><\/div>\n                                    \n                    <\/div><!-- bg-layers -->\n        <div class=\"banner-layers container\">\n            <div class=\"fill banner-link\"><\/div>            \n\n   <div id=\"text-box-1976068508\" class=\"text-box banner-layer x50 md-x10 lg-x10 y10 md-y15 lg-y15 res-text\">\n                                <div class=\"text \">\n              \n              <div class=\"text-inner text-center\">\n                  \n\n<div class=\"gap-element\" style=\"display:block; height:auto; padding-top:15px\" class=\"clearfix\"><\/div>\n\n<h3 class=\"uppercase\"><span style=\"font-size: 115%;\"><strong>AGENDE <br \/>SEU HOR\u00c1RIO<\/strong><\/span><\/h3>\n<p>Para agendar um hor\u00e1rio, basta ligar para o n\u00famero abaixo ou preencher o formul\u00e1rio ao lado:<\/p>\n<p><span style=\"font-size: 160%;\">Tel: +55 11 4412-1212 <br \/><img decoding=\"async\" src=\"http:\/\/nucleoflordavida.com.br\/site\/wp-content\/uploads\/2020\/11\/icon-whatsApp.png\" style=\"width:30px; margin-top:-6px\">11 99933-1340<\/span><\/p>\n<div class=\"social-icons follow-icons \" style=\"font-size:62%\"><a href=\"https:\/\/www.facebook.com\/sementeflordavida\" target=\"_blank\" data-label=\"Facebook\"  rel=\"noopener noreferrer nofollow\" class=\"icon button circle is-outline facebook tooltip\" title=\"Follow on Facebook\"><i class=\"icon-facebook\" ><\/i><\/a><a href=\"https:\/\/www.instagram.com\/sementeflordavida\/\" target=\"_blank\" rel=\"noopener noreferrer nofollow\" data-label=\"Instagram\" class=\"icon button circle is-outline  instagram tooltip\" title=\"Follow on Instagram\"><i class=\"icon-instagram\" ><\/i><\/a><\/div>\n\n\n              <\/div>\n           <\/div><!-- text-box-inner -->\n                            \n<style scope=\"scope\">\n\n#text-box-1976068508 {\n  margin: 0px 0px 0px 0px;\n  width: 69%;\n}\n#text-box-1976068508 .text {\n  font-size: 100%;\n}\n\n\n@media (min-width:550px) {\n\n  #text-box-1976068508 {\n    width: 38%;\n  }\n\n}\n<\/style>\n    <\/div><!-- text-box -->\n \n   <div id=\"text-box-1750649235\" class=\"text-box banner-layer x50 md-x90 lg-x90 y90 md-y50 lg-y50 res-text\">\n                                <div class=\"text \">\n              \n              <div class=\"text-inner text-left\">\n                  \n\n[contact-form-7 id=\"438\"]\n\n\n              <\/div>\n           <\/div><!-- text-box-inner -->\n                            \n<style scope=\"scope\">\n\n#text-box-1750649235 {\n  margin: 70px 0px 0px 0px;\n  width: 75%;\n}\n#text-box-1750649235 .text-inner {\n  padding: 0px 0px 0px 0px;\n}\n#text-box-1750649235 .text {\n  font-size: 100%;\n}\n\n\n@media (min-width:550px) {\n\n  #text-box-1750649235 {\n    margin: 0 0px 0px 0px;\n    width: 36%;\n  }\n  #text-box-1750649235 .text-inner {\n    padding: 0 0px 0px 0px;\n  }\n\n}\n<\/style>\n    <\/div><!-- text-box -->\n \n\n        <\/div><!-- .banner-layers -->\n      <\/div><!-- .banner-inner -->\n\n            \n<style scope=\"scope\">\n\n#banner-943494743 {\n  padding-top: 730px;\n  background-color: rgba(255, 255, 255, 0.91);\n}\n\n\n@media (min-width:550px) {\n\n  #banner-943494743 {\n    padding-top: 550px;\n  }\n\n}\n<\/style>\n  <\/div><!-- .banner -->\n\n\n\n<\/div><\/div>\n\n\n<style scope=\"scope\">\n\n<\/style>\n<\/div>\n\n\t\t<\/div><!-- .section-content -->\n\n\t\t\n<style scope=\"scope\">\n\n#section_327785450 {\n  padding-top: 30px;\n  padding-bottom: 30px;\n}\n#section_327785450 .section-bg-overlay {\n  background-color: rgba(255, 255, 255, 0.24);\n}\n#section_327785450 .section-bg.bg-loaded {\n  background-image: url(https:\/\/nucleoflordavida.com.br\/site\/wp-content\/uploads\/2019\/02\/topo-home2-marca-dagua.jpg);\n}\n#section_327785450 .section-bg {\n  background-position: 26% 58%;\n}\n<\/style>\n\t<\/section>\n\t\n\n\n","protected":false},"excerpt":{"rendered":"","protected":false},"author":1,"featured_media":0,"parent":0,"menu_order":0,"comment_status":"closed","ping_status":"closed","template":"page-transparent-header.php","meta":{"footnotes":""},"class_list":["post-514","page","type-page","status-publish","hentry"],"_links":{"self":[{"href":"https:\/\/nucleoflordavida.com.br\/site\/wp-json\/wp\/v2\/pages\/514","targetHints":{"allow":["GET"]}}],"collection":[{"href":"https:\/\/nucleoflordavida.com.br\/site\/wp-json\/wp\/v2\/pages"}],"about":[{"href":"https:\/\/nucleoflordavida.com.br\/site\/wp-json\/wp\/v2\/types\/page"}],"author":[{"embeddable":true,"href":"https:\/\/nucleoflordavida.com.br\/site\/wp-json\/wp\/v2\/users\/1"}],"replies":[{"embeddable":true,"href":"https:\/\/nucleoflordavida.com.br\/site\/wp-json\/wp\/v2\/comments?post=514"}],"version-history":[{"count":19,"href":"https:\/\/nucleoflordavida.com.br\/site\/wp-json\/wp\/v2\/pages\/514\/revisions"}],"predecessor-version":[{"id":1487,"href":"https:\/\/nucleoflordavida.com.br\/site\/wp-json\/wp\/v2\/pages\/514\/revisions\/1487"}],"wp:attachment":[{"href":"https:\/\/nucleoflordavida.com.br\/site\/wp-json\/wp\/v2\/media?parent=514"}],"curies":[{"name":"wp","href":"https:\/\/api.w.org\/{rel}","templated":true}]}}