{"id":795,"date":"2020-11-26T10:11:36","date_gmt":"2020-11-26T13:11:36","guid":{"rendered":"http:\/\/nucleoflordavida.com.br\/site\/?page_id=795"},"modified":"2021-02-05T11:09:03","modified_gmt":"2021-02-05T14:09:03","slug":"fatima-carvalho","status":"publish","type":"page","link":"https:\/\/nucleoflordavida.com.br\/site\/fatima-carvalho\/","title":{"rendered":"F\u00e1tima Carvalho"},"content":{"rendered":"\n\n  <div class=\"banner has-hover\" id=\"banner-649859636\">\n          <div class=\"banner-inner fill\">\n        <div class=\"banner-bg fill\" >\n            <div class=\"bg fill bg-fill \"><\/div>\n                        <div class=\"overlay\"><\/div>            \n                    <\/div><!-- bg-layers -->\n        <div class=\"banner-layers container\">\n            <div class=\"fill banner-link\"><\/div>            \n\n\n        <\/div><!-- .banner-layers -->\n      <\/div><!-- .banner-inner -->\n\n            \n<style scope=\"scope\">\n\n#banner-649859636 {\n  padding-top: 320px;\n  background-color: rgb(255, 255, 255);\n}\n#banner-649859636 .bg.bg-loaded {\n  background-image: url(https:\/\/nucleoflordavida.com.br\/site\/wp-content\/uploads\/2021\/02\/bg-geral-azul.jpg);\n}\n#banner-649859636 .overlay {\n  background-color: rgba(255, 255, 255, 0.06);\n}\n#banner-649859636 .bg {\n  background-position: 60% 63%;\n}\n<\/style>\n  <\/div><!-- .banner -->\n\n\n<div class=\"row row-small\"  id=\"row-869289710\">\n\n<div class=\"col small-12 large-12\"  ><div class=\"col-inner\" style=\"background-color:rgb(255, 255, 255);padding:43px 0px 0px 0px;margin:-135px 0px 0px 0px;\" >\n\n<h1 style=\"text-align: center; font-weight: 300;\"><span style=\"font-size: 200%;\">F\u00e1tima Carvalho<\/span><\/h1>\n<p><img loading=\"lazy\" decoding=\"async\" class=\"aligncenter wp-image-333\" src=\"http:\/\/nucleoflordavida.com.br\/site\/wp-content\/uploads\/2021\/02\/cor_dourado_elemento.png\" alt=\"\" width=\"126\" height=\"40\"><\/p>\n\n<\/div><\/div>\n\n\n<style scope=\"scope\">\n\n#row-869289710 > .col > .col-inner {\n  padding: 0px 0 0px 0px;\n}\n<\/style>\n<\/div>\n<div class=\"row\"  id=\"row-686870031\">\n\n<div class=\"col small-12 large-12\"  ><div class=\"col-inner\"  >\n\n<p><img loading=\"lazy\" decoding=\"async\" class=\"size-medium wp-image-1431 aligncenter\" src=\"http:\/\/nucleoflordavida.com.br\/site\/wp-content\/uploads\/2021\/02\/FATIMA44.png\" alt=\"\" width=\"266\" height=\"400\" \/><\/p>\n<p style=\"text-align: center;\"><strong>Psic\u00f3loga Cl\u00ednica<\/strong><br \/><strong>CRP: 06\/31278-5<\/strong><\/p>\n<ul>\n<li style=\"text-align: left;\">Psicoterapia Anal\u00edtica Junguiana &#8211; Interpreta\u00e7\u00e3o de Sonhos.<\/li>\n<li style=\"text-align: left;\">Forma\u00e7\u00e3o e Terapia EMDR (Desensibiliza\u00e7\u00e3o e Reprocessamento por meio de Movimentos Oculares), abordagem voltada ao tratamento do trauma, conforme modelo oficial do EMDR do Instituto dos Estados Unidos.<\/li>\n<li style=\"text-align: left;\">Psicoterapia Psicodin\u00e2mica Breve &#8211; abordagem voltada para tratamento focal, ressaltando as principais problem\u00e1ticas emocionais do analisado.<\/li>\n<li style=\"text-align: left;\">Orienta\u00e7\u00e3o Vocacional &#8211; Sendo realizada de forma Individual e em Grupo. O foco \u00e9 incorporar a escolha profissional do sujeito, com o seu chamado interior, adequando ao mercado de trabalho.<\/li>\n<li style=\"text-align: left;\">Psicoterapia Corporal-Bionerg\u00e9tica &#8211; uma maneira de entender a personalidade em termos de corpo e seus processos energ\u00e9ticos.<\/li>\n<li style=\"text-align: left;\">Experi\u00eancia em Terapia Cognitiva Comportamental no tratamento da depend\u00eancia qu\u00edmica.<\/li>\n<li style=\"text-align: left;\">Experi\u00eancia em Sa\u00fade Mental no servi\u00e7o p\u00fablico &#8211; Unidade B\u00e1sica de Sa\u00fade e Programa de Sa\u00fade da Fam\u00edlia.<\/li>\n<\/ul>\n\n<\/div><\/div>\n\n<\/div>\n<div class=\"row\"  id=\"row-985560067\">\n\n<div class=\"col medium-4 small-12 large-4\"  ><div class=\"col-inner text-center box-shadow-4-hover\" style=\"background-color:rgb(255, 255, 255);\" >\n\n\n<\/div><\/div>\n<div class=\"col medium-4 small-12 large-4\"  ><div class=\"col-inner text-center box-shadow-4-hover\" style=\"background-color:rgb(250, 250, 250);\" >\n\n\n<\/div><\/div>\n<div class=\"col medium-4 small-12 large-4\"  ><div class=\"col-inner text-center box-shadow-4-hover\" style=\"background-color:rgb(255, 255, 255);\" >\n\n\n<\/div><\/div>\n\n<\/div>\n<div class=\"gap-element\" style=\"display:block; height:auto; padding-top:60px\" class=\"clearfix\"><\/div>\n\n\t<section class=\"section\" id=\"section_1563513315\">\n\t\t<div class=\"bg section-bg fill bg-fill  \" >\n\n\t\t\t\n\t\t\t<div class=\"section-bg-overlay absolute fill\"><\/div>\n\t\t\t\n\n\t\t<\/div><!-- .section-bg -->\n\n\t\t<div class=\"section-content relative\">\n\t\t\t\n\n<div class=\"row align-equal\"  id=\"row-343771949\">\n\n<div class=\"col small-12 large-12\"  ><div class=\"col-inner\"  >\n\n<div class=\"gap-element\" style=\"display:block; height:auto; padding-top:35px\" class=\"clearfix\"><\/div>\n\n\n  <div class=\"banner has-hover\" id=\"banner-1034179125\">\n          <div class=\"banner-inner fill\">\n        <div class=\"banner-bg fill\" >\n            <div class=\"bg fill bg-fill \"><\/div>\n                                    \n                    <\/div><!-- bg-layers -->\n        <div class=\"banner-layers container\">\n            <div class=\"fill banner-link\"><\/div>            \n\n   <div id=\"text-box-868854090\" class=\"text-box banner-layer x50 md-x10 lg-x10 y10 md-y15 lg-y15 res-text\">\n                                <div class=\"text \">\n              \n              <div class=\"text-inner text-center\">\n                  \n\n<div class=\"gap-element\" style=\"display:block; height:auto; padding-top:15px\" class=\"clearfix\"><\/div>\n\n<h3 class=\"uppercase\"><span style=\"font-size: 115%;\"><strong>AGENDE <br \/>SEU HOR\u00c1RIO<\/strong><\/span><\/h3>\n<p>Para agendar um hor\u00e1rio, basta ligar para o n\u00famero abaixo ou preencher o formul\u00e1rio ao lado:<\/p>\n<p><span style=\"font-size: 160%;\">Tel: +55 11 4412-1212 <br \/><img decoding=\"async\" src=\"http:\/\/nucleoflordavida.com.br\/site\/wp-content\/uploads\/2020\/11\/icon-whatsApp.png\" style=\"width:30px; margin-top:-6px\">11 99933-1340<\/span><\/p>\n<div class=\"social-icons follow-icons \" style=\"font-size:62%\"><a href=\"https:\/\/www.facebook.com\/sementeflordavida\" target=\"_blank\" data-label=\"Facebook\"  rel=\"noopener noreferrer nofollow\" class=\"icon button circle is-outline facebook tooltip\" title=\"Follow on Facebook\"><i class=\"icon-facebook\" ><\/i><\/a><a href=\"https:\/\/www.instagram.com\/sementeflordavida\/\" target=\"_blank\" rel=\"noopener noreferrer nofollow\" data-label=\"Instagram\" class=\"icon button circle is-outline  instagram tooltip\" title=\"Follow on Instagram\"><i class=\"icon-instagram\" ><\/i><\/a><\/div>\n\n\n              <\/div>\n           <\/div><!-- text-box-inner -->\n                            \n<style scope=\"scope\">\n\n#text-box-868854090 {\n  margin: 0px 0px 0px 0px;\n  width: 69%;\n}\n#text-box-868854090 .text {\n  font-size: 100%;\n}\n\n\n@media (min-width:550px) {\n\n  #text-box-868854090 {\n    width: 38%;\n  }\n\n}\n<\/style>\n    <\/div><!-- text-box -->\n \n   <div id=\"text-box-773418012\" class=\"text-box banner-layer x50 md-x90 lg-x90 y90 md-y50 lg-y50 res-text\">\n                                <div class=\"text \">\n              \n              <div class=\"text-inner text-left\">\n                  \n\n[contact-form-7 id=\"438\"]\n\n\n              <\/div>\n           <\/div><!-- text-box-inner -->\n                            \n<style scope=\"scope\">\n\n#text-box-773418012 {\n  margin: 70px 0px 0px 0px;\n  width: 75%;\n}\n#text-box-773418012 .text-inner {\n  padding: 0px 0px 0px 0px;\n}\n#text-box-773418012 .text {\n  font-size: 100%;\n}\n\n\n@media (min-width:550px) {\n\n  #text-box-773418012 {\n    margin: 0 0px 0px 0px;\n    width: 36%;\n  }\n  #text-box-773418012 .text-inner {\n    padding: 0 0px 0px 0px;\n  }\n\n}\n<\/style>\n    <\/div><!-- text-box -->\n \n\n        <\/div><!-- .banner-layers -->\n      <\/div><!-- .banner-inner -->\n\n            \n<style scope=\"scope\">\n\n#banner-1034179125 {\n  padding-top: 730px;\n  background-color: rgba(255, 255, 255, 0.91);\n}\n\n\n@media (min-width:550px) {\n\n  #banner-1034179125 {\n    padding-top: 550px;\n  }\n\n}\n<\/style>\n  <\/div><!-- .banner -->\n\n\n\n<\/div><\/div>\n\n\n<style scope=\"scope\">\n\n<\/style>\n<\/div>\n\n\t\t<\/div><!-- .section-content -->\n\n\t\t\n<style scope=\"scope\">\n\n#section_1563513315 {\n  padding-top: 30px;\n  padding-bottom: 30px;\n}\n#section_1563513315 .section-bg-overlay {\n  background-color: rgba(255, 255, 255, 0.24);\n}\n#section_1563513315 .section-bg.bg-loaded {\n  background-image: url(https:\/\/nucleoflordavida.com.br\/site\/wp-content\/uploads\/2019\/02\/topo-home2-marca-dagua.jpg);\n}\n#section_1563513315 .section-bg {\n  background-position: 26% 58%;\n}\n<\/style>\n\t<\/section>\n\t\n\n\n","protected":false},"excerpt":{"rendered":"","protected":false},"author":3,"featured_media":0,"parent":0,"menu_order":0,"comment_status":"closed","ping_status":"closed","template":"page-transparent-header.php","meta":{"footnotes":""},"class_list":["post-795","page","type-page","status-publish","hentry"],"_links":{"self":[{"href":"https:\/\/nucleoflordavida.com.br\/site\/wp-json\/wp\/v2\/pages\/795","targetHints":{"allow":["GET"]}}],"collection":[{"href":"https:\/\/nucleoflordavida.com.br\/site\/wp-json\/wp\/v2\/pages"}],"about":[{"href":"https:\/\/nucleoflordavida.com.br\/site\/wp-json\/wp\/v2\/types\/page"}],"author":[{"embeddable":true,"href":"https:\/\/nucleoflordavida.com.br\/site\/wp-json\/wp\/v2\/users\/3"}],"replies":[{"embeddable":true,"href":"https:\/\/nucleoflordavida.com.br\/site\/wp-json\/wp\/v2\/comments?post=795"}],"version-history":[{"count":34,"href":"https:\/\/nucleoflordavida.com.br\/site\/wp-json\/wp\/v2\/pages\/795\/revisions"}],"predecessor-version":[{"id":1532,"href":"https:\/\/nucleoflordavida.com.br\/site\/wp-json\/wp\/v2\/pages\/795\/revisions\/1532"}],"wp:attachment":[{"href":"https:\/\/nucleoflordavida.com.br\/site\/wp-json\/wp\/v2\/media?parent=795"}],"curies":[{"name":"wp","href":"https:\/\/api.w.org\/{rel}","templated":true}]}}